{"version":"1.0","provider_name":"Meine S\u00fcdstadt","provider_url":"https:\/\/www.meinesuedstadt.de\/branchenverzeichnis","author_name":"Mario Friese","author_url":"https:\/\/www.meinesuedstadt.de\/branchenverzeichnis\/author\/mario\/","title":"Nachtigall & Lerche - Akademie f\u00fcr Gesang - Meine S\u00fcdstadt","type":"rich","width":600,"height":338,"html":"<blockquote class=\"wp-embedded-content\" data-secret=\"coR8U7kCuo\"><a href=\"https:\/\/www.meinesuedstadt.de\/branchenverzeichnis\/nachtigall-lerche-akademie-fuer-gesang\/\">Nachtigall &#038; Lerche &#8211; Akademie f\u00fcr Gesang<\/a><\/blockquote><iframe sandbox=\"allow-scripts\" security=\"restricted\" src=\"https:\/\/www.meinesuedstadt.de\/branchenverzeichnis\/nachtigall-lerche-akademie-fuer-gesang\/embed\/#?secret=coR8U7kCuo\" width=\"600\" height=\"338\" title=\"&#8222;Nachtigall &#038; Lerche &#8211; Akademie f\u00fcr Gesang&#8220; &#8211; Meine S\u00fcdstadt\" data-secret=\"coR8U7kCuo\" frameborder=\"0\" marginwidth=\"0\" marginheight=\"0\" scrolling=\"no\" class=\"wp-embedded-content\"><\/iframe><script type=\"text\/javascript\">\n\/* <![CDATA[ *\/\n\/*! This file is auto-generated *\/\n!function(d,l){\"use strict\";l.querySelector&&d.addEventListener&&\"undefined\"!=typeof URL&&(d.wp=d.wp||{},d.wp.receiveEmbedMessage||(d.wp.receiveEmbedMessage=function(e){var t=e.data;if((t||t.secret||t.message||t.value)&&!\/[^a-zA-Z0-9]\/.test(t.secret)){for(var s,r,n,a=l.querySelectorAll('iframe[data-secret=\"'+t.secret+'\"]'),o=l.querySelectorAll('blockquote[data-secret=\"'+t.secret+'\"]'),c=new RegExp(\"^https?:$\",\"i\"),i=0;i<o.length;i++)o[i].style.display=\"none\";for(i=0;i<a.length;i++)s=a[i],e.source===s.contentWindow&&(s.removeAttribute(\"style\"),\"height\"===t.message?(1e3<(r=parseInt(t.value,10))?r=1e3:~~r<200&&(r=200),s.height=r):\"link\"===t.message&&(r=new URL(s.getAttribute(\"src\")),n=new URL(t.value),c.test(n.protocol))&&n.host===r.host&&l.activeElement===s&&(d.top.location.href=t.value))}},d.addEventListener(\"message\",d.wp.receiveEmbedMessage,!1),l.addEventListener(\"DOMContentLoaded\",function(){for(var e,t,s=l.querySelectorAll(\"iframe.wp-embedded-content\"),r=0;r<s.length;r++)(t=(e=s[r]).getAttribute(\"data-secret\"))||(t=Math.random().toString(36).substring(2,12),e.src+=\"#?secret=\"+t,e.setAttribute(\"data-secret\",t)),e.contentWindow.postMessage({message:\"ready\",secret:t},\"*\")},!1)))}(window,document);\n\/\/# sourceURL=https:\/\/www.meinesuedstadt.de\/branchenverzeichnis\/wp-includes\/js\/wp-embed.min.js\n\/* ]]> *\/\n<\/script>\n","description":"&nbsp; \u0084Begeisterung f\u00fcr Musik, Enthusiasmus f\u00fcr Gesang!\u0093 Warum Nicola M\u00fcllers ihre Musikschule in der S\u00fcdstadt betreibt, erschlie\u00dft sich schnell. Die neuen R\u00e4ume im Karth\u00e4userwall sind verspielt eingerichtet. Zwei Fl\u00fcgel, diverse Klaviere, Stoffe, Sitzgelegenheiten, Wohlf\u00fchlatmosph\u00e4re. Der alte Holztisch l\u00e4dt zum Ausruhen ein und die Kronleuchter tauchen den gro\u00dfen Raum in ein angenehmes Licht. Zwei Prober\u00e4ume sind [&hellip;]"}