{"version":"1.0","provider_name":"Meine S\u00fcdstadt","provider_url":"https:\/\/www.meinesuedstadt.de\/branchenverzeichnis","author_name":"Mario Friese","author_url":"https:\/\/www.meinesuedstadt.de\/branchenverzeichnis\/author\/mario\/","title":"Optik Alfu\u00df - Meine S\u00fcdstadt","type":"rich","width":600,"height":338,"html":"<blockquote class=\"wp-embedded-content\" data-secret=\"tHOCNEQGoZ\"><a href=\"https:\/\/www.meinesuedstadt.de\/branchenverzeichnis\/optik-alfuss\/\">Optik Alfu\u00df<\/a><\/blockquote><iframe sandbox=\"allow-scripts\" security=\"restricted\" src=\"https:\/\/www.meinesuedstadt.de\/branchenverzeichnis\/optik-alfuss\/embed\/#?secret=tHOCNEQGoZ\" width=\"600\" height=\"338\" title=\"&#8222;Optik Alfu\u00df&#8220; &#8211; Meine S\u00fcdstadt\" data-secret=\"tHOCNEQGoZ\" frameborder=\"0\" marginwidth=\"0\" marginheight=\"0\" scrolling=\"no\" class=\"wp-embedded-content\"><\/iframe><script type=\"text\/javascript\">\n\/* <![CDATA[ *\/\n\/*! This file is auto-generated *\/\n!function(d,l){\"use strict\";l.querySelector&&d.addEventListener&&\"undefined\"!=typeof URL&&(d.wp=d.wp||{},d.wp.receiveEmbedMessage||(d.wp.receiveEmbedMessage=function(e){var t=e.data;if((t||t.secret||t.message||t.value)&&!\/[^a-zA-Z0-9]\/.test(t.secret)){for(var s,r,n,a=l.querySelectorAll('iframe[data-secret=\"'+t.secret+'\"]'),o=l.querySelectorAll('blockquote[data-secret=\"'+t.secret+'\"]'),c=new RegExp(\"^https?:$\",\"i\"),i=0;i<o.length;i++)o[i].style.display=\"none\";for(i=0;i<a.length;i++)s=a[i],e.source===s.contentWindow&&(s.removeAttribute(\"style\"),\"height\"===t.message?(1e3<(r=parseInt(t.value,10))?r=1e3:~~r<200&&(r=200),s.height=r):\"link\"===t.message&&(r=new URL(s.getAttribute(\"src\")),n=new URL(t.value),c.test(n.protocol))&&n.host===r.host&&l.activeElement===s&&(d.top.location.href=t.value))}},d.addEventListener(\"message\",d.wp.receiveEmbedMessage,!1),l.addEventListener(\"DOMContentLoaded\",function(){for(var e,t,s=l.querySelectorAll(\"iframe.wp-embedded-content\"),r=0;r<s.length;r++)(t=(e=s[r]).getAttribute(\"data-secret\"))||(t=Math.random().toString(36).substring(2,12),e.src+=\"#?secret=\"+t,e.setAttribute(\"data-secret\",t)),e.contentWindow.postMessage({message:\"ready\",secret:t},\"*\")},!1)))}(window,document);\n\/\/# sourceURL=https:\/\/www.meinesuedstadt.de\/branchenverzeichnis\/wp-includes\/js\/wp-embed.min.js\n\/* ]]> *\/\n<\/script>\n","thumbnail_url":"https:\/\/www.meinesuedstadt.de\/branchenverzeichnis\/wp-content\/uploads\/2010\/05\/Optik-Alfuss-Meine-Suedstadt-Koeln-01.jpg","thumbnail_width":640,"thumbnail_height":427,"description":"Die Auswahl der Brille verlangt Feingef\u00fchl: Mitten im Gesicht wird das Accessoire gleich beim ersten Anblick wahrgenommen. Umso wichtiger ist es, dass bei Auswahl und Anpassung der bestm\u00f6gliche Service erfolgt. Den erh\u00e4lt man in der S\u00fcdstadt bei alfu\u00df optik, dem S\u00fcdstadt-Optiker auf der Bonner Stra\u00dfe. Das Gesch\u00e4ft, wurde 1950 von Eduard Alfu\u00df gegr\u00fcndet. Heute geh\u00f6rt [&hellip;]"}