{"version":"1.0","provider_name":"Meine S\u00fcdstadt","provider_url":"https:\/\/www.meinesuedstadt.de\/branchenverzeichnis","author_name":"Mario Friese","author_url":"https:\/\/www.meinesuedstadt.de\/branchenverzeichnis\/author\/mario\/","title":"Salon de Jazz \u2013 Musik im Wohnzimmer von Clemens Orth - Meine S\u00fcdstadt","type":"rich","width":600,"height":338,"html":"<blockquote class=\"wp-embedded-content\" data-secret=\"avOz7phIJX\"><a href=\"https:\/\/www.meinesuedstadt.de\/branchenverzeichnis\/salon-de-jazz\/\">Salon de Jazz \u2013 Musik im Wohnzimmer von Clemens Orth<\/a><\/blockquote><iframe sandbox=\"allow-scripts\" security=\"restricted\" src=\"https:\/\/www.meinesuedstadt.de\/branchenverzeichnis\/salon-de-jazz\/embed\/#?secret=avOz7phIJX\" width=\"600\" height=\"338\" title=\"&#8222;Salon de Jazz \u2013 Musik im Wohnzimmer von Clemens Orth&#8220; &#8211; Meine S\u00fcdstadt\" data-secret=\"avOz7phIJX\" frameborder=\"0\" marginwidth=\"0\" marginheight=\"0\" scrolling=\"no\" class=\"wp-embedded-content\"><\/iframe><script type=\"text\/javascript\">\n\/* <![CDATA[ *\/\n\/*! This file is auto-generated *\/\n!function(d,l){\"use strict\";l.querySelector&&d.addEventListener&&\"undefined\"!=typeof URL&&(d.wp=d.wp||{},d.wp.receiveEmbedMessage||(d.wp.receiveEmbedMessage=function(e){var t=e.data;if((t||t.secret||t.message||t.value)&&!\/[^a-zA-Z0-9]\/.test(t.secret)){for(var s,r,n,a=l.querySelectorAll('iframe[data-secret=\"'+t.secret+'\"]'),o=l.querySelectorAll('blockquote[data-secret=\"'+t.secret+'\"]'),c=new RegExp(\"^https?:$\",\"i\"),i=0;i<o.length;i++)o[i].style.display=\"none\";for(i=0;i<a.length;i++)s=a[i],e.source===s.contentWindow&&(s.removeAttribute(\"style\"),\"height\"===t.message?(1e3<(r=parseInt(t.value,10))?r=1e3:~~r<200&&(r=200),s.height=r):\"link\"===t.message&&(r=new URL(s.getAttribute(\"src\")),n=new URL(t.value),c.test(n.protocol))&&n.host===r.host&&l.activeElement===s&&(d.top.location.href=t.value))}},d.addEventListener(\"message\",d.wp.receiveEmbedMessage,!1),l.addEventListener(\"DOMContentLoaded\",function(){for(var e,t,s=l.querySelectorAll(\"iframe.wp-embedded-content\"),r=0;r<s.length;r++)(t=(e=s[r]).getAttribute(\"data-secret\"))||(t=Math.random().toString(36).substring(2,12),e.src+=\"#?secret=\"+t,e.setAttribute(\"data-secret\",t)),e.contentWindow.postMessage({message:\"ready\",secret:t},\"*\")},!1)))}(window,document);\n\/\/# sourceURL=https:\/\/www.meinesuedstadt.de\/branchenverzeichnis\/wp-includes\/js\/wp-embed.min.js\n\/* ]]> *\/\n<\/script>\n","thumbnail_url":"https:\/\/www.meinesuedstadt.de\/branchenverzeichnis\/wp-content\/uploads\/2010\/05\/salon-de-jazz-clemens-orth.jpg","thumbnail_width":1200,"thumbnail_height":800,"description":"Ein bisschen verschwiegen und versteckt, schr\u00e4g gegen\u00fcber der Severinskirche, liegt der Salon de Jazz. F\u00fcr die Kenner der K\u00f6lner Jazzszene sicherlich eine schon l\u00e4ngst bekannte Location, aber in unserem Viertel noch nicht jedem bekannt. Kurator des Salons ist Clemens Orth, der vor 16 Jahren diese au\u00dfergew\u00f6hnliche Musikst\u00e4tte, zun\u00e4chst als Tonstudio, gegr\u00fcndet hat. Um Auftrittsm\u00f6glichkeiten zu [&hellip;]"}